{"id":1841,"date":"2023-03-09T23:33:06","date_gmt":"2023-03-10T04:33:06","guid":{"rendered":"http:\/\/alexandrepoitras.com\/blogue\/?page_id=1841"},"modified":"2023-03-09T23:33:31","modified_gmt":"2023-03-10T04:33:31","slug":"accueil","status":"publish","type":"page","link":"http:\/\/alexandrepoitras.com\/blogue\/","title":{"rendered":"Accueil"},"content":{"rendered":"\n<h2 class=\"wp-block-heading\">Alexandre Poitras &#8211; Photographe<\/h2>\n\n\n\n<p>Photographe sportif, corporatif et \u00e9v\u00e9nementiel, mariages et studio.<\/p>\n\n\n\n<div class=\"ngg-pro-mosaic-container\" data-ngg-pro-mosaic-id=\"1b323baf92c3282082e2357e7c194b5e\"><\/div>\n\n","protected":false},"excerpt":{"rendered":"<p>Alexandre Poitras &#8211; Photographe Photographe sportif, corporatif et \u00e9v\u00e9nementiel, mariages et studio.<\/p>\n","protected":false},"author":1,"featured_media":612,"parent":0,"menu_order":0,"comment_status":"closed","ping_status":"closed","template":"","meta":{"_monsterinsights_skip_tracking":false,"_monsterinsights_sitenote_active":false,"_monsterinsights_sitenote_note":"","_monsterinsights_sitenote_category":0,"ngg_post_thumbnail":0,"footnotes":""},"yoast_head":"<!-- This site is optimized with the Yoast SEO plugin v24.3 - https:\/\/yoast.com\/wordpress\/plugins\/seo\/ -->\n<title>Accueil - Alexandre Poitras - Photographe<\/title>\n<meta name=\"description\" content=\"Alexandre Poitras Photographe sportif, corporatif, \u00e9v\u00e9nementiel, mariages et studio situ\u00e9 sur la Rive-Sud de Montr\u00e9al. +20 ans d&#039;exp\u00e9rience.\" \/>\n<meta name=\"robots\" content=\"index, follow, max-snippet:-1, max-image-preview:large, max-video-preview:-1\" \/>\n<link rel=\"canonical\" href=\"http:\/\/alexandrepoitras.com\/blogue\/\" \/>\n<meta property=\"og:locale\" content=\"en_US\" \/>\n<meta property=\"og:type\" content=\"article\" \/>\n<meta property=\"og:title\" content=\"Accueil - Alexandre Poitras - Photographe\" \/>\n<meta property=\"og:description\" content=\"Alexandre Poitras Photographe sportif, corporatif, \u00e9v\u00e9nementiel, mariages et studio situ\u00e9 sur la Rive-Sud de Montr\u00e9al. +20 ans d&#039;exp\u00e9rience.\" \/>\n<meta property=\"og:url\" content=\"http:\/\/alexandrepoitras.com\/blogue\/\" \/>\n<meta property=\"og:site_name\" content=\"Alexandre Poitras - Photographe\" \/>\n<meta property=\"article:publisher\" content=\"https:\/\/facebook.com\/Alexandre.Poitras.Photographe\" \/>\n<meta property=\"article:modified_time\" content=\"2023-03-10T04:33:31+00:00\" \/>\n<meta property=\"og:image\" content=\"http:\/\/alexandrepoitras.com\/blogue\/wp-content\/uploads\/2022\/07\/178A5407_2000x1200_Cover.jpg\" \/>\n\t<meta property=\"og:image:width\" content=\"2048\" \/>\n\t<meta property=\"og:image:height\" content=\"1229\" \/>\n\t<meta property=\"og:image:type\" content=\"image\/jpeg\" \/>\n<meta name=\"twitter:card\" content=\"summary_large_image\" \/>\n<meta name=\"twitter:image\" content=\"http:\/\/alexandrepoitras.com\/blogue\/wp-content\/uploads\/2022\/07\/178A5407_2000x1200_Cover.jpg\" \/>\n<meta name=\"twitter:site\" content=\"@AlexPoitras\" \/>\n<meta name=\"twitter:label1\" content=\"Est. reading time\" \/>\n\t<meta name=\"twitter:data1\" content=\"1 minute\" \/>\n<script type=\"application\/ld+json\" class=\"yoast-schema-graph\">{\"@context\":\"https:\/\/schema.org\",\"@graph\":[{\"@type\":\"WebPage\",\"@id\":\"http:\/\/alexandrepoitras.com\/blogue\/\",\"url\":\"http:\/\/alexandrepoitras.com\/blogue\/\",\"name\":\"Accueil - Alexandre Poitras - Photographe\",\"isPartOf\":{\"@id\":\"http:\/\/alexandrepoitras.com\/blogue\/#website\"},\"primaryImageOfPage\":{\"@id\":\"http:\/\/alexandrepoitras.com\/blogue\/#primaryimage\"},\"image\":{\"@id\":\"http:\/\/alexandrepoitras.com\/blogue\/#primaryimage\"},\"thumbnailUrl\":\"http:\/\/alexandrepoitras.com\/blogue\/wp-content\/uploads\/2013\/07\/IMG_3356-2000x1333.jpg\",\"datePublished\":\"2023-03-10T04:33:06+00:00\",\"dateModified\":\"2023-03-10T04:33:31+00:00\",\"description\":\"Alexandre Poitras Photographe sportif, corporatif, \u00e9v\u00e9nementiel, mariages et studio situ\u00e9 sur la Rive-Sud de Montr\u00e9al. +20 ans d'exp\u00e9rience.\",\"breadcrumb\":{\"@id\":\"http:\/\/alexandrepoitras.com\/blogue\/#breadcrumb\"},\"inLanguage\":\"en-US\",\"potentialAction\":[{\"@type\":\"ReadAction\",\"target\":[\"http:\/\/alexandrepoitras.com\/blogue\/\"]}]},{\"@type\":\"ImageObject\",\"inLanguage\":\"en-US\",\"@id\":\"http:\/\/alexandrepoitras.com\/blogue\/#primaryimage\",\"url\":\"http:\/\/alexandrepoitras.com\/blogue\/wp-content\/uploads\/2013\/07\/IMG_3356-2000x1333.jpg\",\"contentUrl\":\"http:\/\/alexandrepoitras.com\/blogue\/wp-content\/uploads\/2013\/07\/IMG_3356-2000x1333.jpg\",\"width\":\"3888\",\"height\":\"2592\",\"caption\":\"Boris Chambon\"},{\"@type\":\"BreadcrumbList\",\"@id\":\"http:\/\/alexandrepoitras.com\/blogue\/#breadcrumb\",\"itemListElement\":[{\"@type\":\"ListItem\",\"position\":1,\"name\":\"Home\",\"item\":\"http:\/\/alexandrepoitras.com\/blogue\/\"},{\"@type\":\"ListItem\",\"position\":2,\"name\":\"Accueil\"}]},{\"@type\":\"WebSite\",\"@id\":\"http:\/\/alexandrepoitras.com\/blogue\/#website\",\"url\":\"http:\/\/alexandrepoitras.com\/blogue\/\",\"name\":\"Alexandre Poitras - Photographe\",\"description\":\"Photographe Sportif, corporatif, de mariage et de studio\",\"publisher\":{\"@id\":\"http:\/\/alexandrepoitras.com\/blogue\/#organization\"},\"potentialAction\":[{\"@type\":\"SearchAction\",\"target\":{\"@type\":\"EntryPoint\",\"urlTemplate\":\"http:\/\/alexandrepoitras.com\/blogue\/?s={search_term_string}\"},\"query-input\":{\"@type\":\"PropertyValueSpecification\",\"valueRequired\":true,\"valueName\":\"search_term_string\"}}],\"inLanguage\":\"en-US\"},{\"@type\":\"Organization\",\"@id\":\"http:\/\/alexandrepoitras.com\/blogue\/#organization\",\"name\":\"Alexandre Poitras - Photographe\",\"url\":\"http:\/\/alexandrepoitras.com\/blogue\/\",\"logo\":{\"@type\":\"ImageObject\",\"inLanguage\":\"en-US\",\"@id\":\"http:\/\/alexandrepoitras.com\/blogue\/#\/schema\/logo\/image\/\",\"url\":\"http:\/\/alexandrepoitras.com\/blogue\/wp-content\/uploads\/2011\/10\/Alexandre-Poitras-Photographe.png\",\"contentUrl\":\"http:\/\/alexandrepoitras.com\/blogue\/wp-content\/uploads\/2011\/10\/Alexandre-Poitras-Photographe.png\",\"width\":\"500\",\"height\":\"286\",\"caption\":\"Alexandre Poitras - Photographe\"},\"image\":{\"@id\":\"http:\/\/alexandrepoitras.com\/blogue\/#\/schema\/logo\/image\/\"},\"sameAs\":[\"https:\/\/facebook.com\/Alexandre.Poitras.Photographe\",\"https:\/\/x.com\/AlexPoitras\",\"http:\/\/instagram.com\/alexpoitras\"]}]}<\/script>\n<!-- \/ Yoast SEO plugin. -->","yoast_head_json":{"title":"Accueil - Alexandre Poitras - Photographe","description":"Alexandre Poitras Photographe sportif, corporatif, \u00e9v\u00e9nementiel, mariages et studio situ\u00e9 sur la Rive-Sud de Montr\u00e9al. +20 ans d'exp\u00e9rience.","robots":{"index":"index","follow":"follow","max-snippet":"max-snippet:-1","max-image-preview":"max-image-preview:large","max-video-preview":"max-video-preview:-1"},"canonical":"http:\/\/alexandrepoitras.com\/blogue\/","og_locale":"en_US","og_type":"article","og_title":"Accueil - Alexandre Poitras - Photographe","og_description":"Alexandre Poitras Photographe sportif, corporatif, \u00e9v\u00e9nementiel, mariages et studio situ\u00e9 sur la Rive-Sud de Montr\u00e9al. +20 ans d'exp\u00e9rience.","og_url":"http:\/\/alexandrepoitras.com\/blogue\/","og_site_name":"Alexandre Poitras - Photographe","article_publisher":"https:\/\/facebook.com\/Alexandre.Poitras.Photographe","article_modified_time":"2023-03-10T04:33:31+00:00","og_image":[{"width":2048,"height":1229,"url":"http:\/\/alexandrepoitras.com\/blogue\/wp-content\/uploads\/2022\/07\/178A5407_2000x1200_Cover.jpg","type":"image\/jpeg"}],"twitter_card":"summary_large_image","twitter_image":"http:\/\/alexandrepoitras.com\/blogue\/wp-content\/uploads\/2022\/07\/178A5407_2000x1200_Cover.jpg","twitter_site":"@AlexPoitras","twitter_misc":{"Est. reading time":"1 minute"},"schema":{"@context":"https:\/\/schema.org","@graph":[{"@type":"WebPage","@id":"http:\/\/alexandrepoitras.com\/blogue\/","url":"http:\/\/alexandrepoitras.com\/blogue\/","name":"Accueil - Alexandre Poitras - Photographe","isPartOf":{"@id":"http:\/\/alexandrepoitras.com\/blogue\/#website"},"primaryImageOfPage":{"@id":"http:\/\/alexandrepoitras.com\/blogue\/#primaryimage"},"image":{"@id":"http:\/\/alexandrepoitras.com\/blogue\/#primaryimage"},"thumbnailUrl":"http:\/\/alexandrepoitras.com\/blogue\/wp-content\/uploads\/2013\/07\/IMG_3356-2000x1333.jpg","datePublished":"2023-03-10T04:33:06+00:00","dateModified":"2023-03-10T04:33:31+00:00","description":"Alexandre Poitras Photographe sportif, corporatif, \u00e9v\u00e9nementiel, mariages et studio situ\u00e9 sur la Rive-Sud de Montr\u00e9al. +20 ans d'exp\u00e9rience.","breadcrumb":{"@id":"http:\/\/alexandrepoitras.com\/blogue\/#breadcrumb"},"inLanguage":"en-US","potentialAction":[{"@type":"ReadAction","target":["http:\/\/alexandrepoitras.com\/blogue\/"]}]},{"@type":"ImageObject","inLanguage":"en-US","@id":"http:\/\/alexandrepoitras.com\/blogue\/#primaryimage","url":"http:\/\/alexandrepoitras.com\/blogue\/wp-content\/uploads\/2013\/07\/IMG_3356-2000x1333.jpg","contentUrl":"http:\/\/alexandrepoitras.com\/blogue\/wp-content\/uploads\/2013\/07\/IMG_3356-2000x1333.jpg","width":"3888","height":"2592","caption":"Boris Chambon"},{"@type":"BreadcrumbList","@id":"http:\/\/alexandrepoitras.com\/blogue\/#breadcrumb","itemListElement":[{"@type":"ListItem","position":1,"name":"Home","item":"http:\/\/alexandrepoitras.com\/blogue\/"},{"@type":"ListItem","position":2,"name":"Accueil"}]},{"@type":"WebSite","@id":"http:\/\/alexandrepoitras.com\/blogue\/#website","url":"http:\/\/alexandrepoitras.com\/blogue\/","name":"Alexandre Poitras - Photographe","description":"Photographe Sportif, corporatif, de mariage et de studio","publisher":{"@id":"http:\/\/alexandrepoitras.com\/blogue\/#organization"},"potentialAction":[{"@type":"SearchAction","target":{"@type":"EntryPoint","urlTemplate":"http:\/\/alexandrepoitras.com\/blogue\/?s={search_term_string}"},"query-input":{"@type":"PropertyValueSpecification","valueRequired":true,"valueName":"search_term_string"}}],"inLanguage":"en-US"},{"@type":"Organization","@id":"http:\/\/alexandrepoitras.com\/blogue\/#organization","name":"Alexandre Poitras - Photographe","url":"http:\/\/alexandrepoitras.com\/blogue\/","logo":{"@type":"ImageObject","inLanguage":"en-US","@id":"http:\/\/alexandrepoitras.com\/blogue\/#\/schema\/logo\/image\/","url":"http:\/\/alexandrepoitras.com\/blogue\/wp-content\/uploads\/2011\/10\/Alexandre-Poitras-Photographe.png","contentUrl":"http:\/\/alexandrepoitras.com\/blogue\/wp-content\/uploads\/2011\/10\/Alexandre-Poitras-Photographe.png","width":"500","height":"286","caption":"Alexandre Poitras - Photographe"},"image":{"@id":"http:\/\/alexandrepoitras.com\/blogue\/#\/schema\/logo\/image\/"},"sameAs":["https:\/\/facebook.com\/Alexandre.Poitras.Photographe","https:\/\/x.com\/AlexPoitras","http:\/\/instagram.com\/alexpoitras"]}]}},"_links":{"self":[{"href":"http:\/\/alexandrepoitras.com\/blogue\/index.php?rest_route=\/wp\/v2\/pages\/1841"}],"collection":[{"href":"http:\/\/alexandrepoitras.com\/blogue\/index.php?rest_route=\/wp\/v2\/pages"}],"about":[{"href":"http:\/\/alexandrepoitras.com\/blogue\/index.php?rest_route=\/wp\/v2\/types\/page"}],"author":[{"embeddable":true,"href":"http:\/\/alexandrepoitras.com\/blogue\/index.php?rest_route=\/wp\/v2\/users\/1"}],"replies":[{"embeddable":true,"href":"http:\/\/alexandrepoitras.com\/blogue\/index.php?rest_route=%2Fwp%2Fv2%2Fcomments&post=1841"}],"version-history":[{"count":16,"href":"http:\/\/alexandrepoitras.com\/blogue\/index.php?rest_route=\/wp\/v2\/pages\/1841\/revisions"}],"predecessor-version":[{"id":1876,"href":"http:\/\/alexandrepoitras.com\/blogue\/index.php?rest_route=\/wp\/v2\/pages\/1841\/revisions\/1876"}],"wp:featuredmedia":[{"embeddable":true,"href":"http:\/\/alexandrepoitras.com\/blogue\/index.php?rest_route=\/wp\/v2\/media\/612"}],"wp:attachment":[{"href":"http:\/\/alexandrepoitras.com\/blogue\/index.php?rest_route=%2Fwp%2Fv2%2Fmedia&parent=1841"}],"curies":[{"name":"wp","href":"https:\/\/api.w.org\/{rel}","templated":true}]}}